{"id":83,"date":"2021-01-05T12:50:11","date_gmt":"2021-01-05T11:50:11","guid":{"rendered":"http:\/\/wp.adler-tgm.de\/?page_id=83"},"modified":"2024-02-28T14:58:38","modified_gmt":"2024-02-28T13:58:38","slug":"hotel-schwarzer-adler","status":"publish","type":"page","link":"https:\/\/www.adler-tgm.de\/en\/hotel-schwarzer-adler\/","title":{"rendered":"Hotel Schwarzer Adler"},"content":{"rendered":"<div data-elementor-type=\"wp-page\" data-elementor-id=\"83\" class=\"elementor elementor-83\" data-elementor-post-type=\"page\">\n\t\t\t\t\t\t<section class=\"elementor-section elementor-top-section elementor-element elementor-element-8ffdc5e elementor-section-boxed elementor-section-height-default elementor-section-height-default\" data-id=\"8ffdc5e\" data-element_type=\"section\" data-e-type=\"section\">\n\t\t\t\t\t\t<div class=\"elementor-container elementor-column-gap-default\">\n\t\t\t\t\t<div class=\"elementor-column elementor-col-100 elementor-top-column elementor-element elementor-element-2b78119\" data-id=\"2b78119\" data-element_type=\"column\" data-e-type=\"column\">\n\t\t\t<div class=\"elementor-widget-wrap elementor-element-populated\">\n\t\t\t\t\t\t<div class=\"elementor-element elementor-element-49ee29d elementor-widget elementor-widget-text-editor\" data-id=\"49ee29d\" data-element_type=\"widget\" data-e-type=\"widget\" data-widget_type=\"text-editor.default\">\n\t\t\t\t<div class=\"elementor-widget-container\">\n\t\t\t\t\t\t\t\t\t<p>Von&nbsp;gem\u00fctlichem bis hin zu gro\u00dfz\u00fcgigem Schlaf- und Wohnraum mit herrlichen Ausblick auf den wundersch\u00f6nen Hotelgarten garantieren wir in unseren Zimmern und Junior Suiten&nbsp;Wohnkultur auf h\u00f6chstem Niveau, inklusive eines reichhaltigen Fr\u00fchst\u00fccksbuffets, kostenfreien W-LAN und Parkpl\u00e4tzen.<\/p>\t\t\t\t\t\t\t\t<\/div>\n\t\t\t\t<\/div>\n\t\t\t\t\t<\/div>\n\t\t<\/div>\n\t\t\t\t\t<\/div>\n\t\t<\/section>\n\t\t\t\t<section class=\"elementor-section elementor-top-section elementor-element elementor-element-791beba0 elementor-section-boxed elementor-section-height-default elementor-section-height-default\" data-id=\"791beba0\" data-element_type=\"section\" data-e-type=\"section\">\n\t\t\t\t\t\t<div class=\"elementor-container elementor-column-gap-default\">\n\t\t\t\t\t<div class=\"elementor-column elementor-col-100 elementor-top-column elementor-element elementor-element-29953853\" data-id=\"29953853\" data-element_type=\"column\" data-e-type=\"column\">\n\t\t\t<div class=\"elementor-widget-wrap elementor-element-populated\">\n\t\t\t\t\t\t<div class=\"elementor-element elementor-element-a1f7d07 elementor-grid-2 elementor-grid-tablet-2 elementor-grid-mobile-1 elementor-posts--thumbnail-top elementor-card-shadow-yes elementor-posts__hover-gradient elementor-widget elementor-widget-posts\" data-id=\"a1f7d07\" data-element_type=\"widget\" data-e-type=\"widget\" data-settings=\"{&quot;cards_columns&quot;:&quot;2&quot;,&quot;cards_columns_tablet&quot;:&quot;2&quot;,&quot;cards_columns_mobile&quot;:&quot;1&quot;,&quot;cards_row_gap&quot;:{&quot;unit&quot;:&quot;px&quot;,&quot;size&quot;:35,&quot;sizes&quot;:[]},&quot;cards_row_gap_tablet&quot;:{&quot;unit&quot;:&quot;px&quot;,&quot;size&quot;:&quot;&quot;,&quot;sizes&quot;:[]},&quot;cards_row_gap_mobile&quot;:{&quot;unit&quot;:&quot;px&quot;,&quot;size&quot;:&quot;&quot;,&quot;sizes&quot;:[]}}\" data-widget_type=\"posts.cards\">\n\t\t\t\t<div class=\"elementor-widget-container\">\n\t\t\t\t\t\t\t<div class=\"elementor-posts-container elementor-posts elementor-posts--skin-cards elementor-grid\" role=\"list\">\n\t\t\t\t<article class=\"elementor-post elementor-grid-item post-98 page type-page status-publish has-post-thumbnail hentry\" role=\"listitem\">\n\t\t\t<div class=\"elementor-post__card\">\n\t\t\t\t<a class=\"elementor-post__thumbnail__link\" href=\"https:\/\/www.adler-tgm.de\/en\/hotel-schwarzer-adler\/standard-zimmer\/\" tabindex=\"-1\" ><div class=\"elementor-post__thumbnail\"><img fetchpriority=\"high\" decoding=\"async\" width=\"300\" height=\"200\" src=\"https:\/\/www.adler-tgm.de\/wp-content\/uploads\/2021\/01\/IMG_4681-HDR-300x200.jpg\" class=\"attachment-medium size-medium wp-image-71\" alt=\"\" srcset=\"https:\/\/www.adler-tgm.de\/wp-content\/uploads\/2021\/01\/IMG_4681-HDR-300x200.jpg 300w, https:\/\/www.adler-tgm.de\/wp-content\/uploads\/2021\/01\/IMG_4681-HDR-1024x682.jpg 1024w, https:\/\/www.adler-tgm.de\/wp-content\/uploads\/2021\/01\/IMG_4681-HDR-768x512.jpg 768w, https:\/\/www.adler-tgm.de\/wp-content\/uploads\/2021\/01\/IMG_4681-HDR-1536x1024.jpg 1536w, https:\/\/www.adler-tgm.de\/wp-content\/uploads\/2021\/01\/IMG_4681-HDR.jpg 2000w\" sizes=\"(max-width: 300px) 100vw, 300px\" \/><\/div><\/a>\n\t\t\t\t<div class=\"elementor-post__text\">\n\t\t\t\t<h3 class=\"elementor-post__title\">\n\t\t\t<a href=\"https:\/\/www.adler-tgm.de\/en\/hotel-schwarzer-adler\/standard-zimmer\/\" >\n\t\t\t\tComfort Zimmer\t\t\t<\/a>\n\t\t<\/h3>\n\t\t\t\t<div class=\"elementor-post__excerpt\">\n\t\t\t<p>Edle Stoffe, stilvolle Accessoires und ein gro\u00dfz\u00fcgiger Wohnraum garantieren in unseren Comfort-Zimmern Wohnkultur auf h\u00f6chstem<\/p>\n\t\t<\/div>\n\t\t\n\t\t<a class=\"elementor-post__read-more\" href=\"https:\/\/www.adler-tgm.de\/en\/hotel-schwarzer-adler\/standard-zimmer\/\" aria-label=\"Read more about Comfort Zimmer\" tabindex=\"-1\" >\n\t\t\tAnschauen \u00bb\t\t<\/a>\n\n\t\t\t\t<\/div>\n\t\t\t\t\t<\/div>\n\t\t<\/article>\n\t\t\t\t<article class=\"elementor-post elementor-grid-item post-100 page type-page status-publish has-post-thumbnail hentry\" role=\"listitem\">\n\t\t\t<div class=\"elementor-post__card\">\n\t\t\t\t<a class=\"elementor-post__thumbnail__link\" href=\"https:\/\/www.adler-tgm.de\/en\/hotel-schwarzer-adler\/junior-suiten\/\" tabindex=\"-1\" ><div class=\"elementor-post__thumbnail\"><img decoding=\"async\" width=\"300\" height=\"200\" data-src=\"https:\/\/www.adler-tgm.de\/wp-content\/uploads\/2021\/01\/IMG_4561-HDR-300x200.jpg\" class=\"attachment-medium size-medium wp-image-76 lazyload\" alt=\"\" data-srcset=\"https:\/\/www.adler-tgm.de\/wp-content\/uploads\/2021\/01\/IMG_4561-HDR-300x200.jpg 300w, https:\/\/www.adler-tgm.de\/wp-content\/uploads\/2021\/01\/IMG_4561-HDR-1024x682.jpg 1024w, https:\/\/www.adler-tgm.de\/wp-content\/uploads\/2021\/01\/IMG_4561-HDR-768x512.jpg 768w, https:\/\/www.adler-tgm.de\/wp-content\/uploads\/2021\/01\/IMG_4561-HDR-1536x1024.jpg 1536w, https:\/\/www.adler-tgm.de\/wp-content\/uploads\/2021\/01\/IMG_4561-HDR.jpg 2000w\" data-sizes=\"(max-width: 300px) 100vw, 300px\" src=\"data:image\/svg+xml;base64,PHN2ZyB3aWR0aD0iMSIgaGVpZ2h0PSIxIiB4bWxucz0iaHR0cDovL3d3dy53My5vcmcvMjAwMC9zdmciPjwvc3ZnPg==\" style=\"--smush-placeholder-width: 300px; --smush-placeholder-aspect-ratio: 300\/200;\" \/><\/div><\/a>\n\t\t\t\t<div class=\"elementor-post__text\">\n\t\t\t\t<h3 class=\"elementor-post__title\">\n\t\t\t<a href=\"https:\/\/www.adler-tgm.de\/en\/hotel-schwarzer-adler\/junior-suiten\/\" >\n\t\t\t\tJunior Suiten\t\t\t<\/a>\n\t\t<\/h3>\n\t\t\t\t<div class=\"elementor-post__excerpt\">\n\t\t\t<p>Unsere sehr exklusiv und elegant ausgestatteten Junior Suiten verf\u00fcgen \u00fcber einen gro\u00dfz\u00fcgigen Schlaf- und Wohnraum.<\/p>\n\t\t<\/div>\n\t\t\n\t\t<a class=\"elementor-post__read-more\" href=\"https:\/\/www.adler-tgm.de\/en\/hotel-schwarzer-adler\/junior-suiten\/\" aria-label=\"Read more about Junior Suiten\" tabindex=\"-1\" >\n\t\t\tAnschauen \u00bb\t\t<\/a>\n\n\t\t\t\t<\/div>\n\t\t\t\t\t<\/div>\n\t\t<\/article>\n\t\t\t\t<article class=\"elementor-post elementor-grid-item post-102 page type-page status-publish has-post-thumbnail hentry\" role=\"listitem\">\n\t\t\t<div class=\"elementor-post__card\">\n\t\t\t\t<a class=\"elementor-post__thumbnail__link\" href=\"https:\/\/www.adler-tgm.de\/en\/hotel-schwarzer-adler\/historie\/\" tabindex=\"-1\" ><div class=\"elementor-post__thumbnail\"><img decoding=\"async\" width=\"300\" height=\"200\" data-src=\"https:\/\/www.adler-tgm.de\/wp-content\/uploads\/2021\/01\/IMG_4346-300x200.jpg\" class=\"attachment-medium size-medium wp-image-56 lazyload\" alt=\"\" data-srcset=\"https:\/\/www.adler-tgm.de\/wp-content\/uploads\/2021\/01\/IMG_4346-300x200.jpg 300w, https:\/\/www.adler-tgm.de\/wp-content\/uploads\/2021\/01\/IMG_4346-1024x682.jpg 1024w, https:\/\/www.adler-tgm.de\/wp-content\/uploads\/2021\/01\/IMG_4346-768x512.jpg 768w, https:\/\/www.adler-tgm.de\/wp-content\/uploads\/2021\/01\/IMG_4346-1536x1024.jpg 1536w, https:\/\/www.adler-tgm.de\/wp-content\/uploads\/2021\/01\/IMG_4346.jpg 2000w\" data-sizes=\"(max-width: 300px) 100vw, 300px\" src=\"data:image\/svg+xml;base64,PHN2ZyB3aWR0aD0iMSIgaGVpZ2h0PSIxIiB4bWxucz0iaHR0cDovL3d3dy53My5vcmcvMjAwMC9zdmciPjwvc3ZnPg==\" style=\"--smush-placeholder-width: 300px; --smush-placeholder-aspect-ratio: 300\/200;\" \/><\/div><\/a>\n\t\t\t\t<div class=\"elementor-post__text\">\n\t\t\t\t<h3 class=\"elementor-post__title\">\n\t\t\t<a href=\"https:\/\/www.adler-tgm.de\/en\/hotel-schwarzer-adler\/historie\/\" >\n\t\t\t\tHistorie\t\t\t<\/a>\n\t\t<\/h3>\n\t\t\t\t<div class=\"elementor-post__excerpt\">\n\t\t\t<p>Das Hotel &#8211; Schwarzer Adler Auf der &#8222;Stra\u00dfe der Romanik&#8220; gelangt der Reisende, dem nat\u00fcrlichen<\/p>\n\t\t<\/div>\n\t\t\n\t\t<a class=\"elementor-post__read-more\" href=\"https:\/\/www.adler-tgm.de\/en\/hotel-schwarzer-adler\/historie\/\" aria-label=\"Read more about Historie\" tabindex=\"-1\" >\n\t\t\tAnschauen \u00bb\t\t<\/a>\n\n\t\t\t\t<\/div>\n\t\t\t\t\t<\/div>\n\t\t<\/article>\n\t\t\t\t<\/div>\n\t\t\n\t\t\t\t\t\t<\/div>\n\t\t\t\t<\/div>\n\t\t\t\t\t<\/div>\n\t\t<\/div>\n\t\t\t\t\t<\/div>\n\t\t<\/section>\n\t\t\t\t<\/div>","protected":false},"excerpt":{"rendered":"<p>Von&nbsp;gem\u00fctlichem bis hin zu gro\u00dfz\u00fcgigem Schlaf- und Wohnraum mit herrlichen Ausblick auf den wundersch\u00f6nen Hotelgarten garantieren wir in unseren Zimmern und Junior Suiten&nbsp;Wohnkultur auf h\u00f6chstem Niveau, inklusive eines reichhaltigen Fr\u00fchst\u00fccksbuffets, kostenfreien W-LAN und Parkpl\u00e4tzen.<\/p>","protected":false},"author":1,"featured_media":63,"parent":0,"menu_order":0,"comment_status":"closed","ping_status":"closed","template":"","meta":{"footnotes":""},"class_list":["post-83","page","type-page","status-publish","has-post-thumbnail","hentry"],"yoast_head":"<!-- This site is optimized with the Yoast SEO plugin v27.5 - https:\/\/yoast.com\/product\/yoast-seo-wordpress\/ -->\n<title>Hotel Schwarzer Adler - Hotel Schwarzer Adler Tangerm\u00fcnde<\/title>\n<meta name=\"robots\" content=\"index, follow, max-snippet:-1, max-image-preview:large, max-video-preview:-1\" \/>\n<link rel=\"canonical\" href=\"https:\/\/www.adler-tgm.de\/en\/hotel-schwarzer-adler\/\" \/>\n<meta property=\"og:locale\" content=\"en_GB\" \/>\n<meta property=\"og:type\" content=\"article\" \/>\n<meta property=\"og:title\" content=\"Hotel Schwarzer Adler - Hotel Schwarzer Adler Tangerm\u00fcnde\" \/>\n<meta property=\"og:description\" content=\"Von&nbsp;gem\u00fctlichem bis hin zu gro\u00dfz\u00fcgigem Schlaf- und Wohnraum mit herrlichen Ausblick auf den wundersch\u00f6nen Hotelgarten garantieren wir in unseren Zimmern und Junior Suiten&nbsp;Wohnkultur auf h\u00f6chstem Niveau, inklusive eines reichhaltigen Fr\u00fchst\u00fccksbuffets, kostenfreien W-LAN und Parkpl\u00e4tzen.\" \/>\n<meta property=\"og:url\" content=\"https:\/\/www.adler-tgm.de\/en\/hotel-schwarzer-adler\/\" \/>\n<meta property=\"og:site_name\" content=\"Hotel Schwarzer Adler Tangerm\u00fcnde\" \/>\n<meta property=\"article:modified_time\" content=\"2024-02-28T13:58:38+00:00\" \/>\n<meta property=\"og:image\" content=\"https:\/\/www.adler-tgm.de\/wp-content\/uploads\/2021\/01\/tgm_unser_hotel-1-1024x881.jpg\" \/>\n\t<meta property=\"og:image:width\" content=\"1024\" \/>\n\t<meta property=\"og:image:height\" content=\"881\" \/>\n\t<meta property=\"og:image:type\" content=\"image\/jpeg\" \/>\n<meta name=\"twitter:card\" content=\"summary_large_image\" \/>\n<meta name=\"twitter:label1\" content=\"Estimated reading time\" \/>\n\t<meta name=\"twitter:data1\" content=\"3 minutes\" \/>\n<script type=\"application\/ld+json\" class=\"yoast-schema-graph\">{\"@context\":\"https:\\\/\\\/schema.org\",\"@graph\":[{\"@type\":\"WebPage\",\"@id\":\"https:\\\/\\\/www.adler-tgm.de\\\/hotel-schwarzer-adler\\\/\",\"url\":\"https:\\\/\\\/www.adler-tgm.de\\\/hotel-schwarzer-adler\\\/\",\"name\":\"Hotel Schwarzer Adler - Hotel Schwarzer Adler Tangerm\u00fcnde\",\"isPartOf\":{\"@id\":\"https:\\\/\\\/www.adler-tgm.de\\\/#website\"},\"primaryImageOfPage\":{\"@id\":\"https:\\\/\\\/www.adler-tgm.de\\\/hotel-schwarzer-adler\\\/#primaryimage\"},\"image\":{\"@id\":\"https:\\\/\\\/www.adler-tgm.de\\\/hotel-schwarzer-adler\\\/#primaryimage\"},\"thumbnailUrl\":\"https:\\\/\\\/www.adler-tgm.de\\\/wp-content\\\/uploads\\\/2021\\\/01\\\/tgm_unser_hotel-1.jpg\",\"datePublished\":\"2021-01-05T11:50:11+00:00\",\"dateModified\":\"2024-02-28T13:58:38+00:00\",\"breadcrumb\":{\"@id\":\"https:\\\/\\\/www.adler-tgm.de\\\/hotel-schwarzer-adler\\\/#breadcrumb\"},\"inLanguage\":\"en-GB\",\"potentialAction\":[{\"@type\":\"ReadAction\",\"target\":[\"https:\\\/\\\/www.adler-tgm.de\\\/hotel-schwarzer-adler\\\/\"]}]},{\"@type\":\"ImageObject\",\"inLanguage\":\"en-GB\",\"@id\":\"https:\\\/\\\/www.adler-tgm.de\\\/hotel-schwarzer-adler\\\/#primaryimage\",\"url\":\"https:\\\/\\\/www.adler-tgm.de\\\/wp-content\\\/uploads\\\/2021\\\/01\\\/tgm_unser_hotel-1.jpg\",\"contentUrl\":\"https:\\\/\\\/www.adler-tgm.de\\\/wp-content\\\/uploads\\\/2021\\\/01\\\/tgm_unser_hotel-1.jpg\",\"width\":2000,\"height\":1720},{\"@type\":\"BreadcrumbList\",\"@id\":\"https:\\\/\\\/www.adler-tgm.de\\\/hotel-schwarzer-adler\\\/#breadcrumb\",\"itemListElement\":[{\"@type\":\"ListItem\",\"position\":1,\"name\":\"Startseite\",\"item\":\"https:\\\/\\\/www.adler-tgm.de\\\/\"},{\"@type\":\"ListItem\",\"position\":2,\"name\":\"Hotel Schwarzer Adler\"}]},{\"@type\":\"WebSite\",\"@id\":\"https:\\\/\\\/www.adler-tgm.de\\\/#website\",\"url\":\"https:\\\/\\\/www.adler-tgm.de\\\/\",\"name\":\"Hotel Schwarzer Adler Tangerm\u00fcnde\",\"description\":\"Ihr Hotel in der Kaiserstadt Tangerm\u00fcnde\",\"publisher\":{\"@id\":\"https:\\\/\\\/www.adler-tgm.de\\\/#organization\"},\"potentialAction\":[{\"@type\":\"SearchAction\",\"target\":{\"@type\":\"EntryPoint\",\"urlTemplate\":\"https:\\\/\\\/www.adler-tgm.de\\\/?s={search_term_string}\"},\"query-input\":{\"@type\":\"PropertyValueSpecification\",\"valueRequired\":true,\"valueName\":\"search_term_string\"}}],\"inLanguage\":\"en-GB\"},{\"@type\":\"Organization\",\"@id\":\"https:\\\/\\\/www.adler-tgm.de\\\/#organization\",\"name\":\"Hotel Schwarzer Adler Tangerm\u00fcnde\",\"url\":\"https:\\\/\\\/www.adler-tgm.de\\\/\",\"logo\":{\"@type\":\"ImageObject\",\"inLanguage\":\"en-GB\",\"@id\":\"https:\\\/\\\/www.adler-tgm.de\\\/#\\\/schema\\\/logo\\\/image\\\/\",\"url\":\"https:\\\/\\\/www.adler-tgm.de\\\/wp-content\\\/uploads\\\/2021\\\/01\\\/logo.png\",\"contentUrl\":\"https:\\\/\\\/www.adler-tgm.de\\\/wp-content\\\/uploads\\\/2021\\\/01\\\/logo.png\",\"width\":326,\"height\":261,\"caption\":\"Hotel Schwarzer Adler Tangerm\u00fcnde\"},\"image\":{\"@id\":\"https:\\\/\\\/www.adler-tgm.de\\\/#\\\/schema\\\/logo\\\/image\\\/\"}}]}<\/script>\n<!-- \/ Yoast SEO plugin. -->","yoast_head_json":{"title":"Hotel Schwarzer Adler - Hotel Schwarzer Adler Tangerm\u00fcnde","robots":{"index":"index","follow":"follow","max-snippet":"max-snippet:-1","max-image-preview":"max-image-preview:large","max-video-preview":"max-video-preview:-1"},"canonical":"https:\/\/www.adler-tgm.de\/en\/hotel-schwarzer-adler\/","og_locale":"en_GB","og_type":"article","og_title":"Hotel Schwarzer Adler - Hotel Schwarzer Adler Tangerm\u00fcnde","og_description":"Von&nbsp;gem\u00fctlichem bis hin zu gro\u00dfz\u00fcgigem Schlaf- und Wohnraum mit herrlichen Ausblick auf den wundersch\u00f6nen Hotelgarten garantieren wir in unseren Zimmern und Junior Suiten&nbsp;Wohnkultur auf h\u00f6chstem Niveau, inklusive eines reichhaltigen Fr\u00fchst\u00fccksbuffets, kostenfreien W-LAN und Parkpl\u00e4tzen.","og_url":"https:\/\/www.adler-tgm.de\/en\/hotel-schwarzer-adler\/","og_site_name":"Hotel Schwarzer Adler Tangerm\u00fcnde","article_modified_time":"2024-02-28T13:58:38+00:00","og_image":[{"width":1024,"height":881,"url":"https:\/\/www.adler-tgm.de\/wp-content\/uploads\/2021\/01\/tgm_unser_hotel-1-1024x881.jpg","type":"image\/jpeg"}],"twitter_card":"summary_large_image","twitter_misc":{"Estimated reading time":"3 minutes"},"schema":{"@context":"https:\/\/schema.org","@graph":[{"@type":"WebPage","@id":"https:\/\/www.adler-tgm.de\/hotel-schwarzer-adler\/","url":"https:\/\/www.adler-tgm.de\/hotel-schwarzer-adler\/","name":"Hotel Schwarzer Adler - Hotel Schwarzer Adler Tangerm\u00fcnde","isPartOf":{"@id":"https:\/\/www.adler-tgm.de\/#website"},"primaryImageOfPage":{"@id":"https:\/\/www.adler-tgm.de\/hotel-schwarzer-adler\/#primaryimage"},"image":{"@id":"https:\/\/www.adler-tgm.de\/hotel-schwarzer-adler\/#primaryimage"},"thumbnailUrl":"https:\/\/www.adler-tgm.de\/wp-content\/uploads\/2021\/01\/tgm_unser_hotel-1.jpg","datePublished":"2021-01-05T11:50:11+00:00","dateModified":"2024-02-28T13:58:38+00:00","breadcrumb":{"@id":"https:\/\/www.adler-tgm.de\/hotel-schwarzer-adler\/#breadcrumb"},"inLanguage":"en-GB","potentialAction":[{"@type":"ReadAction","target":["https:\/\/www.adler-tgm.de\/hotel-schwarzer-adler\/"]}]},{"@type":"ImageObject","inLanguage":"en-GB","@id":"https:\/\/www.adler-tgm.de\/hotel-schwarzer-adler\/#primaryimage","url":"https:\/\/www.adler-tgm.de\/wp-content\/uploads\/2021\/01\/tgm_unser_hotel-1.jpg","contentUrl":"https:\/\/www.adler-tgm.de\/wp-content\/uploads\/2021\/01\/tgm_unser_hotel-1.jpg","width":2000,"height":1720},{"@type":"BreadcrumbList","@id":"https:\/\/www.adler-tgm.de\/hotel-schwarzer-adler\/#breadcrumb","itemListElement":[{"@type":"ListItem","position":1,"name":"Startseite","item":"https:\/\/www.adler-tgm.de\/"},{"@type":"ListItem","position":2,"name":"Hotel Schwarzer Adler"}]},{"@type":"WebSite","@id":"https:\/\/www.adler-tgm.de\/#website","url":"https:\/\/www.adler-tgm.de\/","name":"Hotel Schwarzer Adler Tangerm\u00fcnde","description":"Ihr Hotel in der Kaiserstadt Tangerm\u00fcnde","publisher":{"@id":"https:\/\/www.adler-tgm.de\/#organization"},"potentialAction":[{"@type":"SearchAction","target":{"@type":"EntryPoint","urlTemplate":"https:\/\/www.adler-tgm.de\/?s={search_term_string}"},"query-input":{"@type":"PropertyValueSpecification","valueRequired":true,"valueName":"search_term_string"}}],"inLanguage":"en-GB"},{"@type":"Organization","@id":"https:\/\/www.adler-tgm.de\/#organization","name":"Hotel Schwarzer Adler Tangerm\u00fcnde","url":"https:\/\/www.adler-tgm.de\/","logo":{"@type":"ImageObject","inLanguage":"en-GB","@id":"https:\/\/www.adler-tgm.de\/#\/schema\/logo\/image\/","url":"https:\/\/www.adler-tgm.de\/wp-content\/uploads\/2021\/01\/logo.png","contentUrl":"https:\/\/www.adler-tgm.de\/wp-content\/uploads\/2021\/01\/logo.png","width":326,"height":261,"caption":"Hotel Schwarzer Adler Tangerm\u00fcnde"},"image":{"@id":"https:\/\/www.adler-tgm.de\/#\/schema\/logo\/image\/"}}]}},"_links":{"self":[{"href":"https:\/\/www.adler-tgm.de\/en\/wp-json\/wp\/v2\/pages\/83","targetHints":{"allow":["GET"]}}],"collection":[{"href":"https:\/\/www.adler-tgm.de\/en\/wp-json\/wp\/v2\/pages"}],"about":[{"href":"https:\/\/www.adler-tgm.de\/en\/wp-json\/wp\/v2\/types\/page"}],"author":[{"embeddable":true,"href":"https:\/\/www.adler-tgm.de\/en\/wp-json\/wp\/v2\/users\/1"}],"replies":[{"embeddable":true,"href":"https:\/\/www.adler-tgm.de\/en\/wp-json\/wp\/v2\/comments?post=83"}],"version-history":[{"count":10,"href":"https:\/\/www.adler-tgm.de\/en\/wp-json\/wp\/v2\/pages\/83\/revisions"}],"predecessor-version":[{"id":655,"href":"https:\/\/www.adler-tgm.de\/en\/wp-json\/wp\/v2\/pages\/83\/revisions\/655"}],"wp:featuredmedia":[{"embeddable":true,"href":"https:\/\/www.adler-tgm.de\/en\/wp-json\/wp\/v2\/media\/63"}],"wp:attachment":[{"href":"https:\/\/www.adler-tgm.de\/en\/wp-json\/wp\/v2\/media?parent=83"}],"curies":[{"name":"wp","href":"https:\/\/api.w.org\/{rel}","templated":true}]}}